{"id":7755,"date":"2023-01-26T14:12:23","date_gmt":"2023-01-26T14:12:23","guid":{"rendered":"https:\/\/tobeit.deideasmarketing.solutions\/?page_id=7755"},"modified":"2025-07-31T08:34:03","modified_gmt":"2025-07-31T08:34:03","slug":"politica-de-privacitat","status":"publish","type":"page","link":"https:\/\/tobeit.deideasmarketing.solutions\/ca\/politica-de-privacitat\/","title":{"rendered":"Pol\u00edtica de privacitat"},"content":{"rendered":"<h3><span lang=\"CA\">1. INFORMACI\u00d3 A L&#8217;USUARI<\/span><\/h3>\n<div>\n<p class=\"v1MsoNormal\"><b><span lang=\"CA\">Qui \u00e9s el responsable del tractament de les teves dades personals?<\/span><\/b><\/p>\n<\/div>\n<div>\n<p class=\"v1MsoNormal\"><span lang=\"CA\">ToBeIT, S.L. \u00e9s el RESPONSABLE del tractament de les dades personals de l&#8217;USUARI i t\u2019informa que aquestes dades seran tractades de conformitat amb el que disposa el Reglament (UE) 2016\/679, de 27 d\u2019abril (GDPR), i la Llei Org\u00e0nica 3\/2018, de 5 de desembre (LOPDGDD).<\/span><\/p>\n<\/div>\n<div>\n<p class=\"v1MsoNormal\"><b><span lang=\"CA\">Per a qu\u00e8 tractem les teves dades personals i per qu\u00e8 ho fem?<\/span><\/b><\/p>\n<\/div>\n<div>\n<p class=\"v1MsoNormal\"><span lang=\"CA\">Les dades personals de l\u2019usuari podran ser tractades per ToBeIT, S.L. per a les seg\u00fcents finalitats:<\/span><\/p>\n<\/div>\n<div>\n<p class=\"v1MsoNormal\"><span lang=\"CA\">\u2022\u00a0\u00a0\u00a0\u00a0\u00a0\u00a0 Gestionar sol\u00b7licituds d&#8217;informaci\u00f3 i contacte: sobre la base del consentiment de l&#8217;usuari.<\/span><\/p>\n<p class=\"v1MsoNormal\"><span lang=\"CA\">\u2022\u00a0\u00a0\u00a0\u00a0\u00a0\u00a0 Enviament d&#8217;informaci\u00f3 comercial o promocional: sempre que l\u2019usuari ho hagi autoritzat expressament, sobre la base del seu consentiment.<\/span><\/p>\n<p class=\"v1MsoNormal\"><span lang=\"CA\">\u2022\u00a0\u00a0\u00a0\u00a0\u00a0\u00a0 Formalitzaci\u00f3 i execuci\u00f3 de relacions contractuals: en base a la necessitat d\u2019executar un contracte o adoptar mesures precontractuals.<\/span><\/p>\n<p class=\"v1MsoNormal\"><span lang=\"CA\">\u2022\u00a0\u00a0\u00a0\u00a0\u00a0\u00a0 Millora dels nostres processos interns mitjan\u00e7ant estad\u00edstiques o enquestes: sobre la base de l\u2019inter\u00e8s leg\u00edtim del responsable.<\/span><\/p>\n<p class=\"v1MsoNormal\"><span lang=\"CA\">\u2022\u00a0\u00a0\u00a0\u00a0\u00a0\u00a0 Compliment d\u2019obligacions legals o fiscals: conforme a l\u2019article 6.1.c del RGPD.<\/span><\/p>\n<\/div>\n<div>\n<p class=\"v1MsoNormal\"><b><span lang=\"CA\">Inter\u00e8s leg\u00edtim:<\/span><\/b><\/p>\n<\/div>\n<div>\n<p class=\"v1MsoNormal\"><span lang=\"CA\">Per a millorar els nostres processos interns de venda i atenci\u00f3 al client, aix\u00ed com fer an\u00e0lisis estad\u00edstiques sobre l&#8217;efic\u00e0cia de les nostres campanyes comercials.<\/span><\/p>\n<\/div>\n<div>\n<p class=\"v1MsoNormal\"><b><span lang=\"CA\">Quines DADES recopilem?<\/span><\/b><\/p>\n<\/div>\n<div>\n<p class=\"v1MsoNormal\"><span lang=\"CA\">Les dades personals que podem recopilar a trav\u00e9s dels formularis de contacte, desc\u00e0rrega o altres mecanismes del lloc web inclouen, entre altres:<\/span><\/p>\n<p class=\"v1MsoNormal\"><span lang=\"CA\">\u2022\u00a0\u00a0\u00a0\u00a0\u00a0\u00a0 Nom i cognoms<\/span><\/p>\n<p class=\"v1MsoNormal\"><span lang=\"CA\">\u2022\u00a0\u00a0\u00a0\u00a0\u00a0\u00a0 Adre\u00e7a de correu electr\u00f2nic<\/span><\/p>\n<p class=\"v1MsoNormal\"><span lang=\"CA\">\u2022\u00a0\u00a0\u00a0\u00a0\u00a0\u00a0 N\u00famero de tel\u00e8fon<\/span><\/p>\n<p class=\"v1MsoNormal\"><span lang=\"CA\">\u2022\u00a0\u00a0\u00a0\u00a0\u00a0\u00a0 Empresa (si escau)<\/span><\/p>\n<p class=\"v1MsoNormal\"><span lang=\"CA\">\u2022\u00a0\u00a0\u00a0\u00a0\u00a0\u00a0 C\u00e0rrec o lloc de treball (si escau)<\/span><\/p>\n<p class=\"v1MsoNormal\"><span lang=\"CA\">\u2022\u00a0\u00a0\u00a0\u00a0\u00a0\u00a0 Adre\u00e7a IP i dades de navegaci\u00f3 (a trav\u00e9s de cookies)<\/span><\/p>\n<p class=\"v1MsoNormal\"><span lang=\"CA\">Aquestes dades s\u00f3n necess\u00e0ries per gestionar correctament les sol\u00b7licituds d\u2019informaci\u00f3, pressupostos, contacte comercial o altres serveis oferts a trav\u00e9s del lloc web.<\/span><\/p>\n<\/div>\n<div>\n<p class=\"v1MsoNormal\"><b><span lang=\"CA\">Durant quant de temps conservarem les teves dades personals?<\/span><\/b><\/p>\n<p class=\"v1MsoNormal\"><span lang=\"CA\">Es conservaran durant no m\u00e9s temps del necessari per mantenir la finalitat del tractament o mentre existeixin obligacions legals que n\u2019exigeixin la cust\u00f2dia. Quan ja no siguin necessaris, es suprimiran amb les mesures de seguretat adequades per garantir-ne l\u2019anonimitzaci\u00f3 o destrucci\u00f3 total.<\/span><\/p>\n<\/div>\n<div>\n<p class=\"v1MsoNormal\"><b><span lang=\"CA\">A qui facilitem les teves dades personals?<\/span><\/b><\/p>\n<p class=\"v1MsoNormal\"><span lang=\"CA\">No est\u00e0 prevista cap comunicaci\u00f3 de dades personals a tercers, excepte si \u00e9s necessari per al desenvolupament i execuci\u00f3 de les finalitats del tractament, a prove\u00efdors de serveis relacionats amb comunicacions, amb els quals el RESPONSABLE t\u00e9 subscrits els contractes de confidencialitat i d&#8217;enc\u00e0rrec de tractament exigits per la normativa vigent en mat\u00e8ria de privacitat.<\/span><\/p>\n<\/div>\n<div>\n<p class=\"v1MsoNormal\"><b><span lang=\"CA\">Quins s\u00f3n els teus drets?<\/span><\/b><\/p>\n<p class=\"v1MsoNormal\"><span lang=\"CA\">Els drets que assisteixen l\u2019USUARI s\u00f3n:<\/span><\/p>\n<\/div>\n<ul type=\"disc\">\n<li class=\"v1MsoNormal\"><span lang=\"CA\">Dret a retirar el consentiment en qualsevol moment.<\/span><\/li>\n<li class=\"v1MsoNormal\"><span lang=\"CA\">Dret d&#8217;acc\u00e9s, rectificaci\u00f3, portabilitat i supressi\u00f3 de les seves dades, i de limitaci\u00f3 o oposici\u00f3 al seu tractament.<\/span><\/li>\n<li class=\"v1MsoNormal\"><span lang=\"CA\">Dret a presentar una reclamaci\u00f3 davant l\u2019autoritat de control (<a href=\"http:\/\/www.aepd.es\/\" target=\"_blank\" rel=\"noopener noreferrer\">www.aepd.es<\/a>) si considera que el tractament no s\u2019ajusta a la normativa vigent.<\/span><\/li>\n<\/ul>\n<div>\n<p class=\"v1MsoNormal\"><span lang=\"CA\">Termini de conservaci\u00f3 de les dades: 3 mesos.<\/span><\/p>\n<\/div>\n<div>\n<p class=\"v1MsoNormal\"><b><span lang=\"CA\">Transfer\u00e8ncia Internacional de Dades:<\/span><\/b><span lang=\"CA\"> no es fan transfer\u00e8ncies de dades a tercers ni fora de l\u2019EEE.<\/span><\/p>\n<\/div>\n<div>\n<p class=\"v1MsoNormal\"><b><span lang=\"CA\">Dades de contacte per exercir els teus drets:<\/span><\/b><\/p>\n<p class=\"v1MsoNormal\"><span lang=\"CA\">ToBeIT, S.L. Mallorca 272, 5\u00e8 6a, 08037 Barcelona. Correu electr\u00f2nic: <a href=\"&#x6d;&#97;&#x69;&#x6c;t&#x6f;&#58;i&#x6e;&#102;o&#x40;&#116;&#x6f;&#x62;e&#x69;&#116;&#46;&#x65;&#115;\" rel=\"noreferrer\">&#x69;&#110;f&#x6f;&#x40;&#116;o&#x62;&#101;i&#x74;&#x2e;&#101;s<\/a><\/span><\/p>\n<\/div>\n<h3><span lang=\"CA\">2. CAR\u00c0CTER OBLIGATORI O FACULTATIU DE LA INFORMACI\u00d3 FACILITADA PER L&#8217;USUARI<\/span><\/h3>\n<div>\n<p class=\"v1MsoNormal\"><span lang=\"CA\">Els USUARIS, mitjan\u00e7ant la marcaci\u00f3 de les caselles corresponents i la introducci\u00f3 de dades en els camps marcats amb un asterisc (*) en el formulari de contacte o presentats en formularis de desc\u00e0rrega, accepten expressament i de manera lliure i inequ\u00edvoca que les seves dades s\u00f3n necess\u00e0ries per atendre la seva petici\u00f3 per part del prestador, essent volunt\u00e0ria la inclusi\u00f3 de dades en els camps restants. L\u2019USUARI garanteix que les dades personals facilitades al RESPONSABLE s\u00f3n ver\u00eddiques i es compromet a comunicar-ne qualsevol modificaci\u00f3.<\/span><\/p>\n<p class=\"v1MsoNormal\"><span lang=\"CA\">El RESPONSABLE informa que totes les dades sol\u00b7licitades a trav\u00e9s del lloc web s\u00f3n obligat\u00f2ries, ja que s\u00f3n necess\u00e0ries per oferir un servei \u00f2ptim a l\u2019USUARI. En cas que no es facilitin totes les dades, no es garanteix que la informaci\u00f3 i serveis proporcionats s\u2019ajustin completament a les seves necessitats.<\/span><\/p>\n<\/div>\n<div>\n<p class=\"v1MsoNormal\"><span lang=\"CA\">Cal especificar dins de la Pol\u00edtica de Privacitat de ToBeIT l\u2019\u00fas de cookies (Aquest lloc web utilitza cookies pr\u00f2pies i de tercers amb finalitats t\u00e8cniques, anal\u00edtiques i publicit\u00e0ries. Pots obtenir informaci\u00f3 detallada sobre l\u2019\u00fas de cookies, aix\u00ed com configurar o rebutjar-ne l\u2019\u00fas, a la nostra Pol\u00edtica de Cookies. (enlla\u00e7 a la pol\u00edtica de cookies))<\/span><\/p>\n<\/div>\n<h3><span lang=\"CA\">3. MESURES DE SEGURETAT<\/span><\/h3>\n<div>\n<p class=\"v1MsoNormal\"><span lang=\"CA\">D\u2019acord amb el que disposen les normatives vigents en mat\u00e8ria de protecci\u00f3 de dades personals, el RESPONSABLE est\u00e0 complint amb totes les disposicions del GDPR i la LOPDGDD per al tractament de les dades personals de la seva responsabilitat, i en particular amb els principis descrits a l\u2019article 5 del GDPR, segons els quals s\u00f3n tractades de manera l\u00edcita, lleial i transparent en relaci\u00f3 amb l\u2019interessat, i adequades, pertinents i limitades al necessari en relaci\u00f3 amb les finalitats per a les quals s\u00f3n tractades.<\/span><\/p>\n<p class=\"v1MsoNormal\"><span lang=\"CA\">El RESPONSABLE garanteix que ha implementat pol\u00edtiques t\u00e8cniques i organitzatives apropiades per aplicar les mesures de seguretat que estableixen el GDPR i la LOPDGDD per tal de protegir els drets i llibertats dels USUARIS, i els ha proporcionat la informaci\u00f3 adequada perqu\u00e8 puguin exercir-los.<\/span><\/p>\n<p class=\"v1MsoNormal\"><span lang=\"CA\">Per a m\u00e9s informaci\u00f3 sobre les garanties de privacitat, pots dirigir-te al RESPONSABLE mitjan\u00e7ant ToBeIT, S.L. Mallorca 272, 5\u00e8 6a, 08037 Barcelona. Correu electr\u00f2nic: <a href=\"&#x6d;a&#x69;&#108;&#x74;&#111;&#x3a;&#x69;n&#x66;&#111;&#x40;&#116;&#x6f;&#98;e&#x69;&#116;&#x2e;&#101;&#x73;\" rel=\"noreferrer\">in&#102;&#111;&#64;&#x74;&#x6f;&#x62;&#x65;&#x69;t&#46;&#101;&#115;<\/a><\/span><\/p>\n<\/div>\n","protected":false},"excerpt":{"rendered":"<p>1. INFORMACI\u00d3 A L&#8217;USUARI Qui \u00e9s el responsable del tractament de les teves dades personals? ToBeIT, S.L. \u00e9s el RESPONSABLE del tractament de les dades personals de l&#8217;USUARI i t\u2019informa que aquestes dades seran tractades de conformitat amb el que disposa el Reglament (UE) 2016\/679, de 27 d\u2019abril (GDPR), i la Llei Org\u00e0nica 3\/2018, de [&hellip;]<\/p>\n","protected":false},"author":1,"featured_media":0,"parent":0,"menu_order":0,"comment_status":"closed","ping_status":"closed","template":"templates\/dms-template-new-legal.php","meta":{"footnotes":""},"class_list":["post-7755","page","type-page","status-publish","hentry"],"yoast_head":"<!-- This site is optimized with the Yoast SEO plugin v26.0 - https:\/\/yoast.com\/wordpress\/plugins\/seo\/ -->\n<title>Pol\u00edtica de privacitat - ToBeIT<\/title>\n<meta name=\"robots\" content=\"noindex, follow\" \/>\n<meta property=\"og:locale\" content=\"ca_ES\" \/>\n<meta property=\"og:type\" content=\"article\" \/>\n<meta property=\"og:title\" content=\"Pol\u00edtica de privacitat - ToBeIT\" \/>\n<meta property=\"og:description\" content=\"1. INFORMACI\u00d3 A L&#8217;USUARI Qui \u00e9s el responsable del tractament de les teves dades personals? ToBeIT, S.L. \u00e9s el RESPONSABLE del tractament de les dades personals de l&#8217;USUARI i t\u2019informa que aquestes dades seran tractades de conformitat amb el que disposa el Reglament (UE) 2016\/679, de 27 d\u2019abril (GDPR), i la Llei Org\u00e0nica 3\/2018, de [&hellip;]\" \/>\n<meta property=\"og:url\" content=\"https:\/\/tobeit.deideasmarketing.solutions\/ca\/politica-de-privacitat\/\" \/>\n<meta property=\"og:site_name\" content=\"ToBeIT\" \/>\n<meta property=\"article:publisher\" content=\"https:\/\/www.facebook.com\/grupotobeit\" \/>\n<meta property=\"article:modified_time\" content=\"2025-07-31T08:34:03+00:00\" \/>\n<meta name=\"twitter:card\" content=\"summary_large_image\" \/>\n<meta name=\"twitter:label1\" content=\"Temps estimat de lectura\" \/>\n\t<meta name=\"twitter:data1\" content=\"4 minuts\" \/>\n<script type=\"application\/ld+json\" class=\"yoast-schema-graph\">{\"@context\":\"https:\/\/schema.org\",\"@graph\":[{\"@type\":\"WebPage\",\"@id\":\"https:\/\/tobeit.deideasmarketing.solutions\/ca\/politica-de-privacitat\/\",\"url\":\"https:\/\/tobeit.deideasmarketing.solutions\/ca\/politica-de-privacitat\/\",\"name\":\"Pol\u00edtica de privacitat - ToBeIT\",\"isPartOf\":{\"@id\":\"https:\/\/tobeit.deideasmarketing.solutions\/ca\/#website\"},\"datePublished\":\"2023-01-26T14:12:23+00:00\",\"dateModified\":\"2025-07-31T08:34:03+00:00\",\"breadcrumb\":{\"@id\":\"https:\/\/tobeit.deideasmarketing.solutions\/ca\/politica-de-privacitat\/#breadcrumb\"},\"inLanguage\":\"ca\",\"potentialAction\":[{\"@type\":\"ReadAction\",\"target\":[\"https:\/\/tobeit.deideasmarketing.solutions\/ca\/politica-de-privacitat\/\"]}]},{\"@type\":\"BreadcrumbList\",\"@id\":\"https:\/\/tobeit.deideasmarketing.solutions\/ca\/politica-de-privacitat\/#breadcrumb\",\"itemListElement\":[{\"@type\":\"ListItem\",\"position\":1,\"name\":\"Portada\",\"item\":\"https:\/\/tobeit.deideasmarketing.solutions\/ca\/\"},{\"@type\":\"ListItem\",\"position\":2,\"name\":\"Pol\u00edtica de privacitat\"}]},{\"@type\":\"WebSite\",\"@id\":\"https:\/\/tobeit.deideasmarketing.solutions\/ca\/#website\",\"url\":\"https:\/\/tobeit.deideasmarketing.solutions\/ca\/\",\"name\":\"ToBeIT\",\"description\":\"[:es]Servicios de monitorizaci\u00f3n del rendimiento de aplicaciones IT[:en]IT solutions, services and security[:ca]Solucions, serveis i seguretat IT[:]\",\"potentialAction\":[{\"@type\":\"SearchAction\",\"target\":{\"@type\":\"EntryPoint\",\"urlTemplate\":\"https:\/\/tobeit.deideasmarketing.solutions\/ca\/?s={search_term_string}\"},\"query-input\":{\"@type\":\"PropertyValueSpecification\",\"valueRequired\":true,\"valueName\":\"search_term_string\"}}],\"inLanguage\":\"ca\"}]}<\/script>\n<!-- \/ Yoast SEO plugin. -->","yoast_head_json":{"title":"Pol\u00edtica de privacitat - ToBeIT","robots":{"index":"noindex","follow":"follow"},"og_locale":"ca_ES","og_type":"article","og_title":"Pol\u00edtica de privacitat - ToBeIT","og_description":"1. INFORMACI\u00d3 A L&#8217;USUARI Qui \u00e9s el responsable del tractament de les teves dades personals? ToBeIT, S.L. \u00e9s el RESPONSABLE del tractament de les dades personals de l&#8217;USUARI i t\u2019informa que aquestes dades seran tractades de conformitat amb el que disposa el Reglament (UE) 2016\/679, de 27 d\u2019abril (GDPR), i la Llei Org\u00e0nica 3\/2018, de [&hellip;]","og_url":"https:\/\/tobeit.deideasmarketing.solutions\/ca\/politica-de-privacitat\/","og_site_name":"ToBeIT","article_publisher":"https:\/\/www.facebook.com\/grupotobeit","article_modified_time":"2025-07-31T08:34:03+00:00","twitter_card":"summary_large_image","twitter_misc":{"Temps estimat de lectura":"4 minuts"},"schema":{"@context":"https:\/\/schema.org","@graph":[{"@type":"WebPage","@id":"https:\/\/tobeit.deideasmarketing.solutions\/ca\/politica-de-privacitat\/","url":"https:\/\/tobeit.deideasmarketing.solutions\/ca\/politica-de-privacitat\/","name":"Pol\u00edtica de privacitat - ToBeIT","isPartOf":{"@id":"https:\/\/tobeit.deideasmarketing.solutions\/ca\/#website"},"datePublished":"2023-01-26T14:12:23+00:00","dateModified":"2025-07-31T08:34:03+00:00","breadcrumb":{"@id":"https:\/\/tobeit.deideasmarketing.solutions\/ca\/politica-de-privacitat\/#breadcrumb"},"inLanguage":"ca","potentialAction":[{"@type":"ReadAction","target":["https:\/\/tobeit.deideasmarketing.solutions\/ca\/politica-de-privacitat\/"]}]},{"@type":"BreadcrumbList","@id":"https:\/\/tobeit.deideasmarketing.solutions\/ca\/politica-de-privacitat\/#breadcrumb","itemListElement":[{"@type":"ListItem","position":1,"name":"Portada","item":"https:\/\/tobeit.deideasmarketing.solutions\/ca\/"},{"@type":"ListItem","position":2,"name":"Pol\u00edtica de privacitat"}]},{"@type":"WebSite","@id":"https:\/\/tobeit.deideasmarketing.solutions\/ca\/#website","url":"https:\/\/tobeit.deideasmarketing.solutions\/ca\/","name":"ToBeIT","description":"[:es]Servicios de monitorizaci\u00f3n del rendimiento de aplicaciones IT[:en]IT solutions, services and security[:ca]Solucions, serveis i seguretat IT[:]","potentialAction":[{"@type":"SearchAction","target":{"@type":"EntryPoint","urlTemplate":"https:\/\/tobeit.deideasmarketing.solutions\/ca\/?s={search_term_string}"},"query-input":{"@type":"PropertyValueSpecification","valueRequired":true,"valueName":"search_term_string"}}],"inLanguage":"ca"}]}},"_links":{"self":[{"href":"https:\/\/tobeit.deideasmarketing.solutions\/ca\/wp-json\/wp\/v2\/pages\/7755","targetHints":{"allow":["GET"]}}],"collection":[{"href":"https:\/\/tobeit.deideasmarketing.solutions\/ca\/wp-json\/wp\/v2\/pages"}],"about":[{"href":"https:\/\/tobeit.deideasmarketing.solutions\/ca\/wp-json\/wp\/v2\/types\/page"}],"author":[{"embeddable":true,"href":"https:\/\/tobeit.deideasmarketing.solutions\/ca\/wp-json\/wp\/v2\/users\/1"}],"replies":[{"embeddable":true,"href":"https:\/\/tobeit.deideasmarketing.solutions\/ca\/wp-json\/wp\/v2\/comments?post=7755"}],"version-history":[{"count":5,"href":"https:\/\/tobeit.deideasmarketing.solutions\/ca\/wp-json\/wp\/v2\/pages\/7755\/revisions"}],"predecessor-version":[{"id":15347,"href":"https:\/\/tobeit.deideasmarketing.solutions\/ca\/wp-json\/wp\/v2\/pages\/7755\/revisions\/15347"}],"wp:attachment":[{"href":"https:\/\/tobeit.deideasmarketing.solutions\/ca\/wp-json\/wp\/v2\/media?parent=7755"}],"curies":[{"name":"wp","href":"https:\/\/api.w.org\/{rel}","templated":true}]}}